{"id":10345,"date":"2024-04-29T16:04:00","date_gmt":"2024-04-29T14:04:00","guid":{"rendered":"https:\/\/www.graaaf.com\/projects\/video-podcast-zum-thema-nachhaltigkeit\/"},"modified":"2026-03-16T16:31:19","modified_gmt":"2026-03-16T15:31:19","slug":"video-podcast-for-sustainability","status":"publish","type":"portfolio","link":"https:\/\/www.graaaf.com\/de\/projects\/video-podcast-for-sustainability\/","title":{"rendered":"Video-Podcast zum Thema Nachhaltigkeit"},"content":{"rendered":"<div class=\"wpb-content-wrapper\">[vc_row thb_full_width=&#8221;true&#8221; thb_column_padding=&#8221;true&#8221; el_class=&#8221;portfolio-heading&#8221;][vc_column][vc_row_inner][vc_column_inner width=&#8221;1\/6&#8243;][\/vc_column_inner][vc_column_inner width=&#8221;2\/3&#8243;][vc_column_text]\n<h1>Ein Video-Podcast zum Thema Nachhaltigkeit<\/h1>\n<h2>Wir haben den ersten w\u00f6chentlichen Schweizer Podcast mit einem Schwerpunkt auf gr\u00fcnen Themen gestartet.<\/h2>\n[\/vc_column_text][\/vc_column_inner][vc_column_inner width=&#8221;1\/6&#8243;][\/vc_column_inner][\/vc_row_inner][\/vc_column][\/vc_row][vc_row thb_full_width=&#8221;true&#8221; thb_row_padding=&#8221;true&#8221; thb_column_padding=&#8221;true&#8221; css=&#8221;.vc_custom_1536741570384{background-color: #f9f9f9 !important;}&#8221;][vc_column][vc_single_image image=&#8221;10016&#8243; img_size=&#8221;full&#8221; alignment=&#8221;center&#8221;][\/vc_column][\/vc_row][vc_row][vc_column width=&#8221;1\/6&#8243;][\/vc_column][vc_column width=&#8221;2\/3&#8243;][vc_column_text]Caf\u00e9 Vert TV ist ein w\u00f6chentlicher Podcast zu Themen der nachhaltigen Entwicklung. Das Web-TV war in Lausanne ans\u00e4ssig und ver\u00f6ffentlichte w\u00f6chentlich zwei- bis dreimin\u00fctige Videos. Das Projekt ist derzeit auf Eis gelegt.[\/vc_column_text][vc_column_text css=&#8221;&#8221; el_class=&#8221;portfolio-meta-infos&#8221;]Project: <a href=\"http:\/\/cafevert.tv\/\">Cafevert.tv<\/a>Industrie: MediaTeam:Design: <a href=\"http:\/\/www.patrickmagnin.com\/\">Patrick Magnin<\/a>Video Animation: <a href=\"http:\/\/thomasdenervaud.ch\/\">Thomas Denervaud<\/a>Video Production: Thierry WeberPR + Reporter: Patricia RecordonHosts: Sarah Artacho + Agathe Birden[\/vc_column_text][\/vc_column][vc_column width=&#8221;1\/6&#8243;][\/vc_column][\/vc_row][vc_row][vc_column width=&#8221;1\/6&#8243;][\/vc_column][vc_column width=&#8221;2\/3&#8243;][vc_column_text]Als Gr\u00fcnderin war meine Rolle bei diesem Projekt sehr breit gef\u00e4chert <span style=\"font-weight: 400;\">&#8211;<\/span> von der Suche nach Partnern bis hin zur Motivation eines Teams von Freiwilligen. Ich war auch der Redaktionsleiter und w\u00e4hrend der Dreharbeiten am Set anwesend.<\/p>\n<h3>Meine Rolle<\/h3>\n<ul>\n<li>Team-Koordination<\/li>\n<li>Verwaltung redaktioneller Inhalte<\/li>\n<li>Dreharbeiten leiten<\/li>\n<li>Digitale Kommunikation<\/li>\n<\/ul>\n<p>&nbsp;<\/p>\n<h3>Die Ergebnisse<\/h3>\n<p>Wir haben ein Team von 8 Personen zusammengestellt. Wir haben auch einen Partner gefunden, der uns ein Studio und Ausr\u00fcstung f\u00fcr unsere Videoproduktion zur Verf\u00fcgung stellt. Insgesamt haben wir fast 40 Videos produziert. Unser Designer und unser Animator haben das Branding f\u00fcr die Videos entworfen, w\u00e4hrend das Redaktionsteam die Videos gedreht und bearbeitet hat.<\/p>\n<p>&nbsp;<\/p>\n<div class=\"vimeo-responsive\"><iframe loading=\"lazy\" src=\"https:\/\/player.vimeo.com\/video\/146310975?title=0&amp;byline=0&amp;portrait=0\" width=\"800\" height=\"450\" frameborder=\"0\" allowfullscreen=\"allowfullscreen\"><\/iframe><\/div>\n<p>&nbsp;<\/p>\n<div class=\"vimeo-responsive\"><iframe loading=\"lazy\" src=\"https:\/\/player.vimeo.com\/video\/146311731?title=0&amp;byline=0&amp;portrait=0\" width=\"800\" height=\"450\" frameborder=\"0\" allowfullscreen=\"allowfullscreen\"><\/iframe><\/div>\n<p>&nbsp;<\/p>\n<p>Ich habe auch eine angepasste WordPress-Website f\u00fcr den Podcast erstellt. Unser Designer entwarf ein komplettes Branding-Konzept f\u00fcr das Projekt &#8211; von Visitenkarten bis hin zu saisonalen Website-Themen.<\/p>\n<p>&nbsp;<\/p>\n<p><strong><img loading=\"lazy\" decoding=\"async\" class=\"alignnone wp-image-5370 size-full\" src=\"https:\/\/www.graaaf.com\/wordpress\/wp-content\/uploads\/2015\/11\/homepage-cafevert2.jpg\" alt=\"homepage-cafevert\" width=\"1200\" height=\"657\" srcset=\"https:\/\/www.graaaf.com\/wordpress\/wp-content\/uploads\/2015\/11\/homepage-cafevert2.jpg 1200w, https:\/\/www.graaaf.com\/wordpress\/wp-content\/uploads\/2015\/11\/homepage-cafevert2-300x164.jpg 300w, https:\/\/www.graaaf.com\/wordpress\/wp-content\/uploads\/2015\/11\/homepage-cafevert2-768x420.jpg 768w, https:\/\/www.graaaf.com\/wordpress\/wp-content\/uploads\/2015\/11\/homepage-cafevert2-1024x561.jpg 1024w\" sizes=\"auto, (max-width: 1200px) 100vw, 1200px\" \/><\/strong><\/p>\n<h2><img loading=\"lazy\" decoding=\"async\" class=\"alignnone size-full wp-image-5420\" src=\"https:\/\/www.graaaf.com\/wordpress\/wp-content\/uploads\/2015\/11\/branding-cafevert1.jpg\" alt=\"\" width=\"1920\" height=\"2327\" srcset=\"https:\/\/www.graaaf.com\/wordpress\/wp-content\/uploads\/2015\/11\/branding-cafevert1.jpg 1920w, https:\/\/www.graaaf.com\/wordpress\/wp-content\/uploads\/2015\/11\/branding-cafevert1-248x300.jpg 248w, https:\/\/www.graaaf.com\/wordpress\/wp-content\/uploads\/2015\/11\/branding-cafevert1-768x931.jpg 768w, https:\/\/www.graaaf.com\/wordpress\/wp-content\/uploads\/2015\/11\/branding-cafevert1-845x1024.jpg 845w\" sizes=\"auto, (max-width: 1920px) 100vw, 1920px\" \/><\/h2>\n[\/vc_column_text][\/vc_column][vc_column width=&#8221;1\/6&#8243;][\/vc_column][\/vc_row]\n<\/div>","protected":false},"excerpt":{"rendered":"<p>[vc_row thb_full_width=&#8221;true&#8221; thb_column_padding=&#8221;true&#8221; el_class=&#8221;portfolio-heading&#8221;][vc_column][vc_row_inner][vc_column_inner width=&#8221;1\/6&#8243;][\/vc_column_inner][vc_column_inner width=&#8221;2\/3&#8243;][vc_column_text] Ein Video-Podcast zum Thema Nachhaltigkeit Wir haben den ersten w\u00f6chentlichen Schweizer Podcast mit einem Schwerpunkt auf gr\u00fcnen Themen gestartet. [\/vc_column_text][\/vc_column_inner][vc_column_inner width=&#8221;1\/6&#8243;][\/vc_column_inner][\/vc_row_inner][\/vc_column][\/vc_row][vc_row thb_full_width=&#8221;true&#8221; thb_row_padding=&#8221;true&#8221; thb_column_padding=&#8221;true&#8221; css=&#8221;.vc_custom_1536741570384{background-color: #f9f9f9 !important;}&#8221;][vc_column][vc_single_image image=&#8221;10016&#8243; img_size=&#8221;full&#8221; alignment=&#8221;center&#8221;][\/vc_column][\/vc_row][vc_row][vc_column width=&#8221;1\/6&#8243;][\/vc_column][vc_column width=&#8221;2\/3&#8243;][vc_column_text]Caf\u00e9 Vert TV ist ein w\u00f6chentlicher Podcast zu Themen der nachhaltigen Entwicklung. Das Web-TV war in Lausanne ans\u00e4ssig&hellip;<\/p>\n","protected":false},"featured_media":10208,"comment_status":"closed","ping_status":"closed","template":"","tags":[128],"class_list":["post-10345","portfolio","type-portfolio","status-publish","has-post-thumbnail","hentry","tag-cat-digital-strategy-de"],"acf":[],"yoast_head":"<!-- This site is optimized with the Yoast SEO plugin v27.5 - https:\/\/yoast.com\/product\/yoast-seo-wordpress\/ -->\n<title>Video-Podcast zum Thema Nachhaltigkeit - Graaaf<\/title>\n<meta name=\"description\" content=\"Caf\u00e9 Vert TV ist ein w\u00f6chentlicher Podcast zu Themen der nachhaltigen Entwicklung. Das Web-TV war in Lausanne angesiedelt und ver\u00f6ffentlichte w\u00f6chentlich Videos.\" \/>\n<meta name=\"robots\" content=\"index, follow, max-snippet:-1, max-image-preview:large, max-video-preview:-1\" \/>\n<link rel=\"canonical\" href=\"https:\/\/www.graaaf.com\/de\/projects\/video-podcast-for-sustainability\/\" \/>\n<meta property=\"og:locale\" content=\"de_DE\" \/>\n<meta property=\"og:type\" content=\"article\" \/>\n<meta property=\"og:title\" content=\"Video-Podcast zum Thema Nachhaltigkeit - Graaaf\" \/>\n<meta property=\"og:description\" content=\"Caf\u00e9 Vert TV ist ein w\u00f6chentlicher Podcast zu Themen der nachhaltigen Entwicklung. Das Web-TV war in Lausanne angesiedelt und ver\u00f6ffentlichte w\u00f6chentlich Videos.\" \/>\n<meta property=\"og:url\" content=\"https:\/\/www.graaaf.com\/de\/projects\/video-podcast-for-sustainability\/\" \/>\n<meta property=\"og:site_name\" content=\"Graaaf\" \/>\n<meta property=\"article:publisher\" content=\"https:\/\/www.facebook.com\/graaafcom\" \/>\n<meta property=\"article:modified_time\" content=\"2026-03-16T15:31:19+00:00\" \/>\n<meta property=\"og:image\" content=\"https:\/\/www.graaaf.com\/wordpress\/wp-content\/uploads\/2018\/06\/thumbnails_2018_2.jpg-cafevert.jpg\" \/>\n\t<meta property=\"og:image:width\" content=\"1280\" \/>\n\t<meta property=\"og:image:height\" content=\"1280\" \/>\n\t<meta property=\"og:image:type\" content=\"image\/jpeg\" \/>\n<meta name=\"twitter:card\" content=\"summary_large_image\" \/>\n<script type=\"application\/ld+json\" class=\"yoast-schema-graph\">{\"@context\":\"https:\\\/\\\/schema.org\",\"@graph\":[{\"@type\":\"WebPage\",\"@id\":\"https:\\\/\\\/www.graaaf.com\\\/de\\\/projects\\\/video-podcast-for-sustainability\\\/\",\"url\":\"https:\\\/\\\/www.graaaf.com\\\/de\\\/projects\\\/video-podcast-for-sustainability\\\/\",\"name\":\"Video-Podcast zum Thema Nachhaltigkeit - Graaaf\",\"isPartOf\":{\"@id\":\"https:\\\/\\\/www.graaaf.com\\\/de\\\/#website\"},\"primaryImageOfPage\":{\"@id\":\"https:\\\/\\\/www.graaaf.com\\\/de\\\/projects\\\/video-podcast-for-sustainability\\\/#primaryimage\"},\"image\":{\"@id\":\"https:\\\/\\\/www.graaaf.com\\\/de\\\/projects\\\/video-podcast-for-sustainability\\\/#primaryimage\"},\"thumbnailUrl\":\"https:\\\/\\\/www.graaaf.com\\\/wordpress\\\/wp-content\\\/uploads\\\/2018\\\/06\\\/thumbnails_2018_2.jpg-cafevert.jpg\",\"datePublished\":\"2024-04-29T14:04:00+00:00\",\"dateModified\":\"2026-03-16T15:31:19+00:00\",\"description\":\"Caf\u00e9 Vert TV ist ein w\u00f6chentlicher Podcast zu Themen der nachhaltigen Entwicklung. Das Web-TV war in Lausanne angesiedelt und ver\u00f6ffentlichte w\u00f6chentlich Videos.\",\"breadcrumb\":{\"@id\":\"https:\\\/\\\/www.graaaf.com\\\/de\\\/projects\\\/video-podcast-for-sustainability\\\/#breadcrumb\"},\"inLanguage\":\"de-CH\",\"potentialAction\":[{\"@type\":\"ReadAction\",\"target\":[\"https:\\\/\\\/www.graaaf.com\\\/de\\\/projects\\\/video-podcast-for-sustainability\\\/\"]}]},{\"@type\":\"ImageObject\",\"inLanguage\":\"de-CH\",\"@id\":\"https:\\\/\\\/www.graaaf.com\\\/de\\\/projects\\\/video-podcast-for-sustainability\\\/#primaryimage\",\"url\":\"https:\\\/\\\/www.graaaf.com\\\/wordpress\\\/wp-content\\\/uploads\\\/2018\\\/06\\\/thumbnails_2018_2.jpg-cafevert.jpg\",\"contentUrl\":\"https:\\\/\\\/www.graaaf.com\\\/wordpress\\\/wp-content\\\/uploads\\\/2018\\\/06\\\/thumbnails_2018_2.jpg-cafevert.jpg\",\"width\":1280,\"height\":1280},{\"@type\":\"BreadcrumbList\",\"@id\":\"https:\\\/\\\/www.graaaf.com\\\/de\\\/projects\\\/video-podcast-for-sustainability\\\/#breadcrumb\",\"itemListElement\":[{\"@type\":\"ListItem\",\"position\":1,\"name\":\"Home\",\"item\":\"https:\\\/\\\/www.graaaf.com\\\/de\\\/homepage-v4\\\/\"},{\"@type\":\"ListItem\",\"position\":2,\"name\":\"Video-Podcast zum Thema Nachhaltigkeit\"}]},{\"@type\":\"WebSite\",\"@id\":\"https:\\\/\\\/www.graaaf.com\\\/de\\\/#website\",\"url\":\"https:\\\/\\\/www.graaaf.com\\\/de\\\/\",\"name\":\"GRAAAF\",\"description\":\"A digital marketing and communication agency\",\"publisher\":{\"@id\":\"https:\\\/\\\/www.graaaf.com\\\/de\\\/#organization\"},\"potentialAction\":[{\"@type\":\"SearchAction\",\"target\":{\"@type\":\"EntryPoint\",\"urlTemplate\":\"https:\\\/\\\/www.graaaf.com\\\/de\\\/?s={search_term_string}\"},\"query-input\":{\"@type\":\"PropertyValueSpecification\",\"valueRequired\":true,\"valueName\":\"search_term_string\"}}],\"inLanguage\":\"de-CH\"},{\"@type\":\"Organization\",\"@id\":\"https:\\\/\\\/www.graaaf.com\\\/de\\\/#organization\",\"name\":\"GRAAAF\",\"url\":\"https:\\\/\\\/www.graaaf.com\\\/de\\\/\",\"logo\":{\"@type\":\"ImageObject\",\"inLanguage\":\"de-CH\",\"@id\":\"https:\\\/\\\/www.graaaf.com\\\/de\\\/#\\\/schema\\\/logo\\\/image\\\/\",\"url\":\"https:\\\/\\\/www.graaaf.com\\\/wordpress\\\/wp-content\\\/uploads\\\/2018\\\/05\\\/logo-website-graaaf-2018-positif.png\",\"contentUrl\":\"https:\\\/\\\/www.graaaf.com\\\/wordpress\\\/wp-content\\\/uploads\\\/2018\\\/05\\\/logo-website-graaaf-2018-positif.png\",\"width\":341,\"height\":66,\"caption\":\"GRAAAF\"},\"image\":{\"@id\":\"https:\\\/\\\/www.graaaf.com\\\/de\\\/#\\\/schema\\\/logo\\\/image\\\/\"},\"sameAs\":[\"https:\\\/\\\/www.facebook.com\\\/graaafcom\",\"https:\\\/\\\/www.linkedin.com\\\/company\\\/graaaf\\\/\"]}]}<\/script>\n<!-- \/ Yoast SEO plugin. -->","yoast_head_json":{"title":"Video-Podcast zum Thema Nachhaltigkeit - Graaaf","description":"Caf\u00e9 Vert TV ist ein w\u00f6chentlicher Podcast zu Themen der nachhaltigen Entwicklung. Das Web-TV war in Lausanne angesiedelt und ver\u00f6ffentlichte w\u00f6chentlich Videos.","robots":{"index":"index","follow":"follow","max-snippet":"max-snippet:-1","max-image-preview":"max-image-preview:large","max-video-preview":"max-video-preview:-1"},"canonical":"https:\/\/www.graaaf.com\/de\/projects\/video-podcast-for-sustainability\/","og_locale":"de_DE","og_type":"article","og_title":"Video-Podcast zum Thema Nachhaltigkeit - Graaaf","og_description":"Caf\u00e9 Vert TV ist ein w\u00f6chentlicher Podcast zu Themen der nachhaltigen Entwicklung. Das Web-TV war in Lausanne angesiedelt und ver\u00f6ffentlichte w\u00f6chentlich Videos.","og_url":"https:\/\/www.graaaf.com\/de\/projects\/video-podcast-for-sustainability\/","og_site_name":"Graaaf","article_publisher":"https:\/\/www.facebook.com\/graaafcom","article_modified_time":"2026-03-16T15:31:19+00:00","og_image":[{"width":1280,"height":1280,"url":"https:\/\/www.graaaf.com\/wordpress\/wp-content\/uploads\/2018\/06\/thumbnails_2018_2.jpg-cafevert.jpg","type":"image\/jpeg"}],"twitter_card":"summary_large_image","schema":{"@context":"https:\/\/schema.org","@graph":[{"@type":"WebPage","@id":"https:\/\/www.graaaf.com\/de\/projects\/video-podcast-for-sustainability\/","url":"https:\/\/www.graaaf.com\/de\/projects\/video-podcast-for-sustainability\/","name":"Video-Podcast zum Thema Nachhaltigkeit - Graaaf","isPartOf":{"@id":"https:\/\/www.graaaf.com\/de\/#website"},"primaryImageOfPage":{"@id":"https:\/\/www.graaaf.com\/de\/projects\/video-podcast-for-sustainability\/#primaryimage"},"image":{"@id":"https:\/\/www.graaaf.com\/de\/projects\/video-podcast-for-sustainability\/#primaryimage"},"thumbnailUrl":"https:\/\/www.graaaf.com\/wordpress\/wp-content\/uploads\/2018\/06\/thumbnails_2018_2.jpg-cafevert.jpg","datePublished":"2024-04-29T14:04:00+00:00","dateModified":"2026-03-16T15:31:19+00:00","description":"Caf\u00e9 Vert TV ist ein w\u00f6chentlicher Podcast zu Themen der nachhaltigen Entwicklung. Das Web-TV war in Lausanne angesiedelt und ver\u00f6ffentlichte w\u00f6chentlich Videos.","breadcrumb":{"@id":"https:\/\/www.graaaf.com\/de\/projects\/video-podcast-for-sustainability\/#breadcrumb"},"inLanguage":"de-CH","potentialAction":[{"@type":"ReadAction","target":["https:\/\/www.graaaf.com\/de\/projects\/video-podcast-for-sustainability\/"]}]},{"@type":"ImageObject","inLanguage":"de-CH","@id":"https:\/\/www.graaaf.com\/de\/projects\/video-podcast-for-sustainability\/#primaryimage","url":"https:\/\/www.graaaf.com\/wordpress\/wp-content\/uploads\/2018\/06\/thumbnails_2018_2.jpg-cafevert.jpg","contentUrl":"https:\/\/www.graaaf.com\/wordpress\/wp-content\/uploads\/2018\/06\/thumbnails_2018_2.jpg-cafevert.jpg","width":1280,"height":1280},{"@type":"BreadcrumbList","@id":"https:\/\/www.graaaf.com\/de\/projects\/video-podcast-for-sustainability\/#breadcrumb","itemListElement":[{"@type":"ListItem","position":1,"name":"Home","item":"https:\/\/www.graaaf.com\/de\/homepage-v4\/"},{"@type":"ListItem","position":2,"name":"Video-Podcast zum Thema Nachhaltigkeit"}]},{"@type":"WebSite","@id":"https:\/\/www.graaaf.com\/de\/#website","url":"https:\/\/www.graaaf.com\/de\/","name":"GRAAAF","description":"A digital marketing and communication agency","publisher":{"@id":"https:\/\/www.graaaf.com\/de\/#organization"},"potentialAction":[{"@type":"SearchAction","target":{"@type":"EntryPoint","urlTemplate":"https:\/\/www.graaaf.com\/de\/?s={search_term_string}"},"query-input":{"@type":"PropertyValueSpecification","valueRequired":true,"valueName":"search_term_string"}}],"inLanguage":"de-CH"},{"@type":"Organization","@id":"https:\/\/www.graaaf.com\/de\/#organization","name":"GRAAAF","url":"https:\/\/www.graaaf.com\/de\/","logo":{"@type":"ImageObject","inLanguage":"de-CH","@id":"https:\/\/www.graaaf.com\/de\/#\/schema\/logo\/image\/","url":"https:\/\/www.graaaf.com\/wordpress\/wp-content\/uploads\/2018\/05\/logo-website-graaaf-2018-positif.png","contentUrl":"https:\/\/www.graaaf.com\/wordpress\/wp-content\/uploads\/2018\/05\/logo-website-graaaf-2018-positif.png","width":341,"height":66,"caption":"GRAAAF"},"image":{"@id":"https:\/\/www.graaaf.com\/de\/#\/schema\/logo\/image\/"},"sameAs":["https:\/\/www.facebook.com\/graaafcom","https:\/\/www.linkedin.com\/company\/graaaf\/"]}]}},"_links":{"self":[{"href":"https:\/\/www.graaaf.com\/de\/wp-json\/wp\/v2\/portfolio\/10345","targetHints":{"allow":["GET"]}}],"collection":[{"href":"https:\/\/www.graaaf.com\/de\/wp-json\/wp\/v2\/portfolio"}],"about":[{"href":"https:\/\/www.graaaf.com\/de\/wp-json\/wp\/v2\/types\/portfolio"}],"replies":[{"embeddable":true,"href":"https:\/\/www.graaaf.com\/de\/wp-json\/wp\/v2\/comments?post=10345"}],"version-history":[{"count":0,"href":"https:\/\/www.graaaf.com\/de\/wp-json\/wp\/v2\/portfolio\/10345\/revisions"}],"wp:featuredmedia":[{"embeddable":true,"href":"https:\/\/www.graaaf.com\/de\/wp-json\/wp\/v2\/media\/10208"}],"wp:attachment":[{"href":"https:\/\/www.graaaf.com\/de\/wp-json\/wp\/v2\/media?parent=10345"}],"wp:term":[{"taxonomy":"post_tag","embeddable":true,"href":"https:\/\/www.graaaf.com\/de\/wp-json\/wp\/v2\/tags?post=10345"}],"curies":[{"name":"wp","href":"https:\/\/api.w.org\/{rel}","templated":true}]}}