{"id":11037,"date":"2024-08-06T18:34:32","date_gmt":"2024-08-06T16:34:32","guid":{"rendered":"https:\/\/www.graaaf.com\/projects\/une-plateforme-de-collecte-de-fonds-pour-une-ong-suisse\/"},"modified":"2025-06-13T13:31:10","modified_gmt":"2025-06-13T11:31:10","slug":"une-plateforme-de-collecte-de-fonds-pour-une-ong-suisse","status":"publish","type":"portfolio","link":"https:\/\/www.graaaf.com\/fr\/projects\/une-plateforme-de-collecte-de-fonds-pour-une-ong-suisse\/","title":{"rendered":"Une plateforme de collecte de fonds pour une ONG suisse"},"content":{"rendered":"<div class=\"wpb-content-wrapper\">[vc_row thb_full_width=&#8221;true&#8221; thb_column_padding=&#8221;true&#8221; el_class=&#8221;portfolio-heading&#8221;][vc_column][vc_row_inner][vc_column_inner width=&#8221;1\/6&#8243;][\/vc_column_inner][vc_column_inner width=&#8221;2\/3&#8243;][vc_column_text]\n<h1>Une plateforme de crowdunding pour une ONG suisse<\/h1>\n<h2>Nous avons aid\u00e9 <em>Terre des hommes<\/em> \u00e0 lancer sa propre plateforme de crowdfunding afin de recueillir davantage de dons.<\/h2>\n[\/vc_column_text][\/vc_column_inner][vc_column_inner width=&#8221;1\/6&#8243;][\/vc_column_inner][\/vc_row_inner][\/vc_column][\/vc_row][vc_row thb_full_width=&#8221;true&#8221; thb_row_padding=&#8221;true&#8221; thb_column_padding=&#8221;true&#8221;][vc_column][vc_single_image image=&#8221;5443&#8243; img_size=&#8221;full&#8221; alignment=&#8221;center&#8221; css=&#8221;&#8221;][\/vc_column][\/vc_row][vc_row][vc_column width=&#8221;1\/6&#8243;][\/vc_column][vc_column width=&#8221;2\/3&#8243;][vc_column_text]<em>Terre des hommes<\/em> souhaitait d\u00e9velopper sa collecte de fonds num\u00e9rique. Pour les aider, nous avons d\u00e9velopp\u00e9 l&#8217;application de collecte de fonds peer-to-peer <a target=\"_blank\" href=\"https:\/\/www.mytdh.ch\/en\" rel=\"noopener\">mytdh.ch.<\/a>[\/vc_column_text][vc_column_text css=&#8221;&#8221; el_class=&#8221;portfolio-meta-infos&#8221;]<strong>Client: <\/strong>Terre des hommes<br \/>\n<strong>Industry: <\/strong>Non-profit<br \/>\n<strong>Team:<br \/>\n<\/strong>Illustration: <a href=\"https:\/\/www.vijem.ch\/\">J\u00e9rome Viguet<\/a><br \/>\nDevelopment and web design: Wopata[\/vc_column_text][\/vc_column][vc_column width=&#8221;1\/6&#8243;][\/vc_column][\/vc_row][vc_row][vc_column width=&#8221;1\/6&#8243;][\/vc_column][vc_column width=&#8221;2\/3&#8243;][vc_column_text css=&#8221;&#8221;]\n<h3>Notre r\u00f4le<\/h3>\n<ul>\n<li>Gestion de projet<\/li>\n<li>Concevoir les exigences et le wireframing<\/li>\n<li>Production vid\u00e9o et animation<\/li>\n<\/ul>\n<p>&nbsp;<\/p>\n<h3>Les r\u00e9sultats<\/h3>\n<p>Nous avons \u00e9labor\u00e9 le concept, les exigences et les maquettes du projet. Le partenaire de l&#8217;organisation, Wopata, a ensuite con\u00e7u et d\u00e9velopp\u00e9 le site. Nous avons engag\u00e9 un illustrateur pour dessiner les personnages du site web.<\/p>\n<p>Nous avons produit la vid\u00e9o ci-dessous, du concept au produit final. Nous avons \u00e9galement \u00e9dit\u00e9 <a href=\"https:\/\/vimeo.com\/146611714\">une deuxi\u00e8me version allemande<\/a>.[\/vc_column_text][vc_column_text css=&#8221;&#8221;]\n<div class=\"vimeo-responsive\"><iframe loading=\"lazy\" src=\"https:\/\/player.vimeo.com\/video\/146609970?color=ff9933&amp;title=0&amp;byline=0&amp;portrait=0\" width=\"800\" height=\"450\" frameborder=\"0\" allowfullscreen=\"allowfullscreen\"><\/iframe><\/div>\n[\/vc_column_text][vc_single_image image=&#8221;5445&#8243; img_size=&#8221;full&#8221; css=&#8221;&#8221;][vc_single_image image=&#8221;5480&#8243; img_size=&#8221;full&#8221; css=&#8221;&#8221;][\/vc_column][vc_column width=&#8221;1\/6&#8243;][\/vc_column][\/vc_row]\n<\/div>","protected":false},"excerpt":{"rendered":"<p>[vc_row thb_full_width=&#8221;true&#8221; thb_column_padding=&#8221;true&#8221; el_class=&#8221;portfolio-heading&#8221;][vc_column][vc_row_inner][vc_column_inner width=&#8221;1\/6&#8243;][\/vc_column_inner][vc_column_inner width=&#8221;2\/3&#8243;][vc_column_text] Une plateforme de crowdunding pour une ONG suisse Nous avons aid\u00e9 Terre des hommes \u00e0 lancer sa propre plateforme de crowdfunding afin de recueillir davantage de dons. [\/vc_column_text][\/vc_column_inner][vc_column_inner width=&#8221;1\/6&#8243;][\/vc_column_inner][\/vc_row_inner][\/vc_column][\/vc_row][vc_row thb_full_width=&#8221;true&#8221; thb_row_padding=&#8221;true&#8221; thb_column_padding=&#8221;true&#8221;][vc_column][vc_single_image image=&#8221;5443&#8243; img_size=&#8221;full&#8221; alignment=&#8221;center&#8221; css=&#8221;&#8221;][\/vc_column][\/vc_row][vc_row][vc_column width=&#8221;1\/6&#8243;][\/vc_column][vc_column width=&#8221;2\/3&#8243;][vc_column_text]Terre des hommes souhaitait d\u00e9velopper sa collecte de fonds num\u00e9rique. Pour les&hellip;<\/p>\n","protected":false},"featured_media":11038,"comment_status":"closed","ping_status":"closed","template":"","tags":[137,133],"class_list":["post-11037","portfolio","type-portfolio","status-publish","has-post-thumbnail","hentry","tag-cat-strategie-numerique","tag-chat-contenu-marketing"],"acf":[],"yoast_head":"<!-- This site is optimized with the Yoast SEO plugin v27.5 - https:\/\/yoast.com\/product\/yoast-seo-wordpress\/ -->\n<title>Une plateforme de collecte de fonds pour une ONG suisse - Graaaf<\/title>\n<meta name=\"description\" content=\"Nous avons aid\u00e9 Terre des hommes \u00e0 lancer sa propre plateforme de crowdfunding afin de recueillir davantage de dons. Terre des hommes souhaitait d\u00e9velopper sa collecte de fonds num\u00e9rique.\" \/>\n<meta name=\"robots\" content=\"index, follow, max-snippet:-1, max-image-preview:large, max-video-preview:-1\" \/>\n<link rel=\"canonical\" href=\"https:\/\/www.graaaf.com\/fr\/projects\/une-plateforme-de-collecte-de-fonds-pour-une-ong-suisse\/\" \/>\n<meta property=\"og:locale\" content=\"fr_FR\" \/>\n<meta property=\"og:type\" content=\"article\" \/>\n<meta property=\"og:title\" content=\"Une plateforme de collecte de fonds pour une ONG suisse - Graaaf\" \/>\n<meta property=\"og:description\" content=\"Nous avons aid\u00e9 Terre des hommes \u00e0 lancer sa propre plateforme de crowdfunding afin de recueillir davantage de dons. Terre des hommes souhaitait d\u00e9velopper sa collecte de fonds num\u00e9rique.\" \/>\n<meta property=\"og:url\" content=\"https:\/\/www.graaaf.com\/fr\/projects\/une-plateforme-de-collecte-de-fonds-pour-une-ong-suisse\/\" \/>\n<meta property=\"og:site_name\" content=\"Graaaf\" \/>\n<meta property=\"article:publisher\" content=\"https:\/\/www.facebook.com\/graaafcom\" \/>\n<meta property=\"article:modified_time\" content=\"2025-06-13T11:31:10+00:00\" \/>\n<meta property=\"og:image\" content=\"https:\/\/www.graaaf.com\/wordpress\/wp-content\/uploads\/2018\/06\/thumbnails_2018_2_terre-des-hommes.jpg\" \/>\n\t<meta property=\"og:image:width\" content=\"1280\" \/>\n\t<meta property=\"og:image:height\" content=\"1280\" \/>\n\t<meta property=\"og:image:type\" content=\"image\/jpeg\" \/>\n<meta name=\"twitter:card\" content=\"summary_large_image\" \/>\n<script type=\"application\/ld+json\" class=\"yoast-schema-graph\">{\"@context\":\"https:\\\/\\\/schema.org\",\"@graph\":[{\"@type\":\"WebPage\",\"@id\":\"https:\\\/\\\/www.graaaf.com\\\/fr\\\/projects\\\/une-plateforme-de-collecte-de-fonds-pour-une-ong-suisse\\\/\",\"url\":\"https:\\\/\\\/www.graaaf.com\\\/fr\\\/projects\\\/une-plateforme-de-collecte-de-fonds-pour-une-ong-suisse\\\/\",\"name\":\"Une plateforme de collecte de fonds pour une ONG suisse - Graaaf\",\"isPartOf\":{\"@id\":\"https:\\\/\\\/www.graaaf.com\\\/fr\\\/#website\"},\"primaryImageOfPage\":{\"@id\":\"https:\\\/\\\/www.graaaf.com\\\/fr\\\/projects\\\/une-plateforme-de-collecte-de-fonds-pour-une-ong-suisse\\\/#primaryimage\"},\"image\":{\"@id\":\"https:\\\/\\\/www.graaaf.com\\\/fr\\\/projects\\\/une-plateforme-de-collecte-de-fonds-pour-une-ong-suisse\\\/#primaryimage\"},\"thumbnailUrl\":\"https:\\\/\\\/www.graaaf.com\\\/wordpress\\\/wp-content\\\/uploads\\\/2018\\\/06\\\/thumbnails_2018_2_terre-des-hommes.jpg\",\"datePublished\":\"2024-08-06T16:34:32+00:00\",\"dateModified\":\"2025-06-13T11:31:10+00:00\",\"description\":\"Nous avons aid\u00e9 Terre des hommes \u00e0 lancer sa propre plateforme de crowdfunding afin de recueillir davantage de dons. Terre des hommes souhaitait d\u00e9velopper sa collecte de fonds num\u00e9rique.\",\"breadcrumb\":{\"@id\":\"https:\\\/\\\/www.graaaf.com\\\/fr\\\/projects\\\/une-plateforme-de-collecte-de-fonds-pour-une-ong-suisse\\\/#breadcrumb\"},\"inLanguage\":\"fr-CH\",\"potentialAction\":[{\"@type\":\"ReadAction\",\"target\":[\"https:\\\/\\\/www.graaaf.com\\\/fr\\\/projects\\\/une-plateforme-de-collecte-de-fonds-pour-une-ong-suisse\\\/\"]}]},{\"@type\":\"ImageObject\",\"inLanguage\":\"fr-CH\",\"@id\":\"https:\\\/\\\/www.graaaf.com\\\/fr\\\/projects\\\/une-plateforme-de-collecte-de-fonds-pour-une-ong-suisse\\\/#primaryimage\",\"url\":\"https:\\\/\\\/www.graaaf.com\\\/wordpress\\\/wp-content\\\/uploads\\\/2018\\\/06\\\/thumbnails_2018_2_terre-des-hommes.jpg\",\"contentUrl\":\"https:\\\/\\\/www.graaaf.com\\\/wordpress\\\/wp-content\\\/uploads\\\/2018\\\/06\\\/thumbnails_2018_2_terre-des-hommes.jpg\",\"width\":1280,\"height\":1280},{\"@type\":\"BreadcrumbList\",\"@id\":\"https:\\\/\\\/www.graaaf.com\\\/fr\\\/projects\\\/une-plateforme-de-collecte-de-fonds-pour-une-ong-suisse\\\/#breadcrumb\",\"itemListElement\":[{\"@type\":\"ListItem\",\"position\":1,\"name\":\"Home\",\"item\":\"https:\\\/\\\/www.graaaf.com\\\/fr\\\/homepage-v4\\\/\"},{\"@type\":\"ListItem\",\"position\":2,\"name\":\"Une plateforme de collecte de fonds pour une ONG suisse\"}]},{\"@type\":\"WebSite\",\"@id\":\"https:\\\/\\\/www.graaaf.com\\\/fr\\\/#website\",\"url\":\"https:\\\/\\\/www.graaaf.com\\\/fr\\\/\",\"name\":\"GRAAAF\",\"description\":\"A digital marketing and communication agency\",\"publisher\":{\"@id\":\"https:\\\/\\\/www.graaaf.com\\\/fr\\\/#organization\"},\"potentialAction\":[{\"@type\":\"SearchAction\",\"target\":{\"@type\":\"EntryPoint\",\"urlTemplate\":\"https:\\\/\\\/www.graaaf.com\\\/fr\\\/?s={search_term_string}\"},\"query-input\":{\"@type\":\"PropertyValueSpecification\",\"valueRequired\":true,\"valueName\":\"search_term_string\"}}],\"inLanguage\":\"fr-CH\"},{\"@type\":\"Organization\",\"@id\":\"https:\\\/\\\/www.graaaf.com\\\/fr\\\/#organization\",\"name\":\"GRAAAF\",\"url\":\"https:\\\/\\\/www.graaaf.com\\\/fr\\\/\",\"logo\":{\"@type\":\"ImageObject\",\"inLanguage\":\"fr-CH\",\"@id\":\"https:\\\/\\\/www.graaaf.com\\\/fr\\\/#\\\/schema\\\/logo\\\/image\\\/\",\"url\":\"https:\\\/\\\/www.graaaf.com\\\/wordpress\\\/wp-content\\\/uploads\\\/2018\\\/05\\\/logo-website-graaaf-2018-positif.png\",\"contentUrl\":\"https:\\\/\\\/www.graaaf.com\\\/wordpress\\\/wp-content\\\/uploads\\\/2018\\\/05\\\/logo-website-graaaf-2018-positif.png\",\"width\":341,\"height\":66,\"caption\":\"GRAAAF\"},\"image\":{\"@id\":\"https:\\\/\\\/www.graaaf.com\\\/fr\\\/#\\\/schema\\\/logo\\\/image\\\/\"},\"sameAs\":[\"https:\\\/\\\/www.facebook.com\\\/graaafcom\",\"https:\\\/\\\/www.linkedin.com\\\/company\\\/graaaf\\\/\"]}]}<\/script>\n<!-- \/ Yoast SEO plugin. -->","yoast_head_json":{"title":"Une plateforme de collecte de fonds pour une ONG suisse - Graaaf","description":"Nous avons aid\u00e9 Terre des hommes \u00e0 lancer sa propre plateforme de crowdfunding afin de recueillir davantage de dons. Terre des hommes souhaitait d\u00e9velopper sa collecte de fonds num\u00e9rique.","robots":{"index":"index","follow":"follow","max-snippet":"max-snippet:-1","max-image-preview":"max-image-preview:large","max-video-preview":"max-video-preview:-1"},"canonical":"https:\/\/www.graaaf.com\/fr\/projects\/une-plateforme-de-collecte-de-fonds-pour-une-ong-suisse\/","og_locale":"fr_FR","og_type":"article","og_title":"Une plateforme de collecte de fonds pour une ONG suisse - Graaaf","og_description":"Nous avons aid\u00e9 Terre des hommes \u00e0 lancer sa propre plateforme de crowdfunding afin de recueillir davantage de dons. Terre des hommes souhaitait d\u00e9velopper sa collecte de fonds num\u00e9rique.","og_url":"https:\/\/www.graaaf.com\/fr\/projects\/une-plateforme-de-collecte-de-fonds-pour-une-ong-suisse\/","og_site_name":"Graaaf","article_publisher":"https:\/\/www.facebook.com\/graaafcom","article_modified_time":"2025-06-13T11:31:10+00:00","og_image":[{"width":1280,"height":1280,"url":"https:\/\/www.graaaf.com\/wordpress\/wp-content\/uploads\/2018\/06\/thumbnails_2018_2_terre-des-hommes.jpg","type":"image\/jpeg"}],"twitter_card":"summary_large_image","schema":{"@context":"https:\/\/schema.org","@graph":[{"@type":"WebPage","@id":"https:\/\/www.graaaf.com\/fr\/projects\/une-plateforme-de-collecte-de-fonds-pour-une-ong-suisse\/","url":"https:\/\/www.graaaf.com\/fr\/projects\/une-plateforme-de-collecte-de-fonds-pour-une-ong-suisse\/","name":"Une plateforme de collecte de fonds pour une ONG suisse - Graaaf","isPartOf":{"@id":"https:\/\/www.graaaf.com\/fr\/#website"},"primaryImageOfPage":{"@id":"https:\/\/www.graaaf.com\/fr\/projects\/une-plateforme-de-collecte-de-fonds-pour-une-ong-suisse\/#primaryimage"},"image":{"@id":"https:\/\/www.graaaf.com\/fr\/projects\/une-plateforme-de-collecte-de-fonds-pour-une-ong-suisse\/#primaryimage"},"thumbnailUrl":"https:\/\/www.graaaf.com\/wordpress\/wp-content\/uploads\/2018\/06\/thumbnails_2018_2_terre-des-hommes.jpg","datePublished":"2024-08-06T16:34:32+00:00","dateModified":"2025-06-13T11:31:10+00:00","description":"Nous avons aid\u00e9 Terre des hommes \u00e0 lancer sa propre plateforme de crowdfunding afin de recueillir davantage de dons. Terre des hommes souhaitait d\u00e9velopper sa collecte de fonds num\u00e9rique.","breadcrumb":{"@id":"https:\/\/www.graaaf.com\/fr\/projects\/une-plateforme-de-collecte-de-fonds-pour-une-ong-suisse\/#breadcrumb"},"inLanguage":"fr-CH","potentialAction":[{"@type":"ReadAction","target":["https:\/\/www.graaaf.com\/fr\/projects\/une-plateforme-de-collecte-de-fonds-pour-une-ong-suisse\/"]}]},{"@type":"ImageObject","inLanguage":"fr-CH","@id":"https:\/\/www.graaaf.com\/fr\/projects\/une-plateforme-de-collecte-de-fonds-pour-une-ong-suisse\/#primaryimage","url":"https:\/\/www.graaaf.com\/wordpress\/wp-content\/uploads\/2018\/06\/thumbnails_2018_2_terre-des-hommes.jpg","contentUrl":"https:\/\/www.graaaf.com\/wordpress\/wp-content\/uploads\/2018\/06\/thumbnails_2018_2_terre-des-hommes.jpg","width":1280,"height":1280},{"@type":"BreadcrumbList","@id":"https:\/\/www.graaaf.com\/fr\/projects\/une-plateforme-de-collecte-de-fonds-pour-une-ong-suisse\/#breadcrumb","itemListElement":[{"@type":"ListItem","position":1,"name":"Home","item":"https:\/\/www.graaaf.com\/fr\/homepage-v4\/"},{"@type":"ListItem","position":2,"name":"Une plateforme de collecte de fonds pour une ONG suisse"}]},{"@type":"WebSite","@id":"https:\/\/www.graaaf.com\/fr\/#website","url":"https:\/\/www.graaaf.com\/fr\/","name":"GRAAAF","description":"A digital marketing and communication agency","publisher":{"@id":"https:\/\/www.graaaf.com\/fr\/#organization"},"potentialAction":[{"@type":"SearchAction","target":{"@type":"EntryPoint","urlTemplate":"https:\/\/www.graaaf.com\/fr\/?s={search_term_string}"},"query-input":{"@type":"PropertyValueSpecification","valueRequired":true,"valueName":"search_term_string"}}],"inLanguage":"fr-CH"},{"@type":"Organization","@id":"https:\/\/www.graaaf.com\/fr\/#organization","name":"GRAAAF","url":"https:\/\/www.graaaf.com\/fr\/","logo":{"@type":"ImageObject","inLanguage":"fr-CH","@id":"https:\/\/www.graaaf.com\/fr\/#\/schema\/logo\/image\/","url":"https:\/\/www.graaaf.com\/wordpress\/wp-content\/uploads\/2018\/05\/logo-website-graaaf-2018-positif.png","contentUrl":"https:\/\/www.graaaf.com\/wordpress\/wp-content\/uploads\/2018\/05\/logo-website-graaaf-2018-positif.png","width":341,"height":66,"caption":"GRAAAF"},"image":{"@id":"https:\/\/www.graaaf.com\/fr\/#\/schema\/logo\/image\/"},"sameAs":["https:\/\/www.facebook.com\/graaafcom","https:\/\/www.linkedin.com\/company\/graaaf\/"]}]}},"_links":{"self":[{"href":"https:\/\/www.graaaf.com\/fr\/wp-json\/wp\/v2\/portfolio\/11037","targetHints":{"allow":["GET"]}}],"collection":[{"href":"https:\/\/www.graaaf.com\/fr\/wp-json\/wp\/v2\/portfolio"}],"about":[{"href":"https:\/\/www.graaaf.com\/fr\/wp-json\/wp\/v2\/types\/portfolio"}],"replies":[{"embeddable":true,"href":"https:\/\/www.graaaf.com\/fr\/wp-json\/wp\/v2\/comments?post=11037"}],"version-history":[{"count":0,"href":"https:\/\/www.graaaf.com\/fr\/wp-json\/wp\/v2\/portfolio\/11037\/revisions"}],"wp:featuredmedia":[{"embeddable":true,"href":"https:\/\/www.graaaf.com\/fr\/wp-json\/wp\/v2\/media\/11038"}],"wp:attachment":[{"href":"https:\/\/www.graaaf.com\/fr\/wp-json\/wp\/v2\/media?parent=11037"}],"wp:term":[{"taxonomy":"post_tag","embeddable":true,"href":"https:\/\/www.graaaf.com\/fr\/wp-json\/wp\/v2\/tags?post=11037"}],"curies":[{"name":"wp","href":"https:\/\/api.w.org\/{rel}","templated":true}]}}