{"id":11074,"date":"2024-08-06T18:43:05","date_gmt":"2024-08-06T16:43:05","guid":{"rendered":"https:\/\/www.graaaf.com\/projects\/podcast-video-sur-le-theme-du-developpement-durable\/"},"modified":"2026-03-16T16:30:41","modified_gmt":"2026-03-16T15:30:41","slug":"video-podcast-for-sustainability","status":"publish","type":"portfolio","link":"https:\/\/www.graaaf.com\/fr\/projects\/video-podcast-for-sustainability\/","title":{"rendered":"Podcast vid\u00e9o sur le th\u00e8me du d\u00e9veloppement durable"},"content":{"rendered":"<div class=\"wpb-content-wrapper\">[vc_row thb_full_width=&#8221;true&#8221; thb_column_padding=&#8221;true&#8221; el_class=&#8221;portfolio-heading&#8221;][vc_column][vc_row_inner][vc_column_inner width=&#8221;1\/6&#8243;][\/vc_column_inner][vc_column_inner width=&#8221;2\/3&#8243;][vc_column_text]\n<h1>Un podcast vid\u00e9o sur des sujets li\u00e9s au d\u00e9veloppement durable<\/h1>\n<h2>Nous avons lanc\u00e9 le premier podcast hebdomadaire suisse ax\u00e9 sur les th\u00e8mes \u00e9cologiques.<\/h2>\n[\/vc_column_text][\/vc_column_inner][vc_column_inner width=&#8221;1\/6&#8243;][\/vc_column_inner][\/vc_row_inner][\/vc_column][\/vc_row][vc_row thb_full_width=&#8221;true&#8221; thb_row_padding=&#8221;true&#8221; thb_column_padding=&#8221;true&#8221; css=&#8221;.vc_custom_1536741570384{background-color: #f9f9f9 !important;}&#8221;][vc_column][vc_single_image image=&#8221;11212&#8243; img_size=&#8221;full&#8221; alignment=&#8221;center&#8221;][\/vc_column][\/vc_row][vc_row][vc_column width=&#8221;1\/6&#8243;][\/vc_column][vc_column width=&#8221;2\/3&#8243;][vc_column_text]Caf\u00e9 Vert TV est un podcast hebdomadaire sur des sujets li\u00e9s au d\u00e9veloppement durable. La web-tv \u00e9tait bas\u00e9e \u00e0 Lausanne et publiait chaque semaine des vid\u00e9os de deux \u00e0 trois minutes. Le projet est actuellement en suspens.[\/vc_column_text][vc_column_text css=&#8221;&#8221; el_class=&#8221;portfolio-meta-infos&#8221;]Personal project: <a href=\"http:\/\/cafevert.tv\/\">Cafevert.tv<\/a>Industry: MediaTeam:Graphic Design: <a href=\"http:\/\/www.patrickmagnin.com\/\">Patrick Magnin<\/a>Video Animation: <a href=\"http:\/\/thomasdenervaud.ch\/\">Thomas Denervaud<\/a>Video Production: Thierry WeberPR + Reporter: Patricia RecordonHosts: Sarah Artacho + Agathe Birden[\/vc_column_text][\/vc_column][vc_column width=&#8221;1\/6&#8243;][\/vc_column][\/vc_row][vc_row][vc_column width=&#8221;1\/6&#8243;][\/vc_column][vc_column width=&#8221;2\/3&#8243;][vc_column_text]En tant que fondateur, mon r\u00f4le dans ce projet \u00e9tait tr\u00e8s large <span style=\"font-weight: 400;\">&#8211;<\/span> de la recherche de partenaires \u00e0 la motivation d&#8217;une \u00e9quipe de b\u00e9n\u00e9voles . J&#8217;\u00e9tais \u00e9galement directeur \u00e9ditorial et pr\u00e9sent sur les plateaux de tournage.<\/p>\n<h3>Mon r\u00f4le<\/h3>\n<ul>\n<li>Coordination de l&#8217;\u00e9quipe<\/li>\n<li>Gestion du contenu \u00e9ditorial<\/li>\n<li>Diriger les prises de vue<\/li>\n<li>Communication num\u00e9rique<\/li>\n<\/ul>\n<p>&nbsp;<\/p>\n<h3>Les r\u00e9sultats<\/h3>\n<p>Nous avons constitu\u00e9 une \u00e9quipe de 8 personnes. Nous avons \u00e9galement trouv\u00e9 un partenaire pour nous fournir un studio et du mat\u00e9riel pour notre production vid\u00e9o. Au total, nous avons produit pr\u00e8s de 40 vid\u00e9os. Notre designer et notre animateur ont travaill\u00e9 sur l&#8217;image de marque des vid\u00e9os, tandis que l&#8217;\u00e9quipe \u00e9ditoriale a tourn\u00e9 et mont\u00e9 les vid\u00e9os.<\/p>\n<p>&nbsp;<\/p>\n<div class=\"vimeo-responsive\"><iframe loading=\"lazy\" src=\"https:\/\/player.vimeo.com\/video\/146310975?title=0&amp;byline=0&amp;portrait=0\" width=\"800\" height=\"450\" frameborder=\"0\" allowfullscreen=\"allowfullscreen\"><\/iframe><\/div>\n<p>&nbsp;<\/p>\n<div class=\"vimeo-responsive\"><iframe loading=\"lazy\" src=\"https:\/\/player.vimeo.com\/video\/146311731?title=0&amp;byline=0&amp;portrait=0\" width=\"800\" height=\"450\" frameborder=\"0\" allowfullscreen=\"allowfullscreen\"><\/iframe><\/div>\n<p>&nbsp;<\/p>\n<p>J&#8217;ai \u00e9galement cr\u00e9\u00e9 un site WordPress personnalis\u00e9 pour le podcast. Notre designer a cr\u00e9\u00e9 une approche compl\u00e8te de la marque pour le projet &#8211; des cartes de visite aux th\u00e8mes saisonniers du site web.<\/p>\n<p>&nbsp;<\/p>\n<p><strong><img loading=\"lazy\" decoding=\"async\" class=\"alignnone wp-image-5370 size-full\" src=\"https:\/\/www.graaaf.com\/wordpress\/wp-content\/uploads\/2015\/11\/homepage-cafevert2.jpg\" alt=\"page d'accueil-cafevert\" width=\"1200\" height=\"657\" srcset=\"https:\/\/www.graaaf.com\/wordpress\/wp-content\/uploads\/2015\/11\/homepage-cafevert2.jpg 1200w, https:\/\/www.graaaf.com\/wordpress\/wp-content\/uploads\/2015\/11\/homepage-cafevert2-300x164.jpg 300w, https:\/\/www.graaaf.com\/wordpress\/wp-content\/uploads\/2015\/11\/homepage-cafevert2-768x420.jpg 768w, https:\/\/www.graaaf.com\/wordpress\/wp-content\/uploads\/2015\/11\/homepage-cafevert2-1024x561.jpg 1024w\" sizes=\"auto, (max-width: 1200px) 100vw, 1200px\" \/><\/strong><\/p>\n<h2><img loading=\"lazy\" decoding=\"async\" class=\"alignnone size-full wp-image-5420\" src=\"https:\/\/www.graaaf.com\/wordpress\/wp-content\/uploads\/2015\/11\/branding-cafevert1.jpg\" alt=\"\" width=\"1920\" height=\"2327\" srcset=\"https:\/\/www.graaaf.com\/wordpress\/wp-content\/uploads\/2015\/11\/branding-cafevert1.jpg 1920w, https:\/\/www.graaaf.com\/wordpress\/wp-content\/uploads\/2015\/11\/branding-cafevert1-248x300.jpg 248w, https:\/\/www.graaaf.com\/wordpress\/wp-content\/uploads\/2015\/11\/branding-cafevert1-768x931.jpg 768w, https:\/\/www.graaaf.com\/wordpress\/wp-content\/uploads\/2015\/11\/branding-cafevert1-845x1024.jpg 845w\" sizes=\"auto, (max-width: 1920px) 100vw, 1920px\" \/><\/h2>\n[\/vc_column_text][\/vc_column][vc_column width=&#8221;1\/6&#8243;][\/vc_column][\/vc_row]\n<\/div>","protected":false},"excerpt":{"rendered":"<p>[vc_row thb_full_width=&#8221;true&#8221; thb_column_padding=&#8221;true&#8221; el_class=&#8221;portfolio-heading&#8221;][vc_column][vc_row_inner][vc_column_inner width=&#8221;1\/6&#8243;][\/vc_column_inner][vc_column_inner width=&#8221;2\/3&#8243;][vc_column_text] Un podcast vid\u00e9o sur des sujets li\u00e9s au d\u00e9veloppement durable Nous avons lanc\u00e9 le premier podcast hebdomadaire suisse ax\u00e9 sur les th\u00e8mes \u00e9cologiques. [\/vc_column_text][\/vc_column_inner][vc_column_inner width=&#8221;1\/6&#8243;][\/vc_column_inner][\/vc_row_inner][\/vc_column][\/vc_row][vc_row thb_full_width=&#8221;true&#8221; thb_row_padding=&#8221;true&#8221; thb_column_padding=&#8221;true&#8221; css=&#8221;.vc_custom_1536741570384{background-color: #f9f9f9 !important;}&#8221;][vc_column][vc_single_image image=&#8221;11212&#8243; img_size=&#8221;full&#8221; alignment=&#8221;center&#8221;][\/vc_column][\/vc_row][vc_row][vc_column width=&#8221;1\/6&#8243;][\/vc_column][vc_column width=&#8221;2\/3&#8243;][vc_column_text]Caf\u00e9 Vert TV est un podcast hebdomadaire sur des sujets li\u00e9s au d\u00e9veloppement durable.&hellip;<\/p>\n","protected":false},"featured_media":11075,"comment_status":"closed","ping_status":"closed","template":"","tags":[137],"class_list":["post-11074","portfolio","type-portfolio","status-publish","has-post-thumbnail","hentry","tag-cat-strategie-numerique"],"acf":[],"yoast_head":"<!-- This site is optimized with the Yoast SEO plugin v27.5 - https:\/\/yoast.com\/product\/yoast-seo-wordpress\/ -->\n<title>Podcast vid\u00e9o sur le th\u00e8me du d\u00e9veloppement durable - Graaaf<\/title>\n<meta name=\"description\" content=\"Caf\u00e9 Vert TV est un podcast hebdomadaire sur des sujets li\u00e9s au d\u00e9veloppement durable. La web-tv \u00e9tait bas\u00e9e \u00e0 Lausanne et publiait des vid\u00e9os chaque semaine.\" \/>\n<meta name=\"robots\" content=\"index, follow, max-snippet:-1, max-image-preview:large, max-video-preview:-1\" \/>\n<link rel=\"canonical\" href=\"https:\/\/www.graaaf.com\/fr\/projects\/video-podcast-for-sustainability\/\" \/>\n<meta property=\"og:locale\" content=\"fr_FR\" \/>\n<meta property=\"og:type\" content=\"article\" \/>\n<meta property=\"og:title\" content=\"Podcast vid\u00e9o sur le th\u00e8me du d\u00e9veloppement durable - Graaaf\" \/>\n<meta property=\"og:description\" content=\"Caf\u00e9 Vert TV est un podcast hebdomadaire sur des sujets li\u00e9s au d\u00e9veloppement durable. La web-tv \u00e9tait bas\u00e9e \u00e0 Lausanne et publiait des vid\u00e9os chaque semaine.\" \/>\n<meta property=\"og:url\" content=\"https:\/\/www.graaaf.com\/fr\/projects\/video-podcast-for-sustainability\/\" \/>\n<meta property=\"og:site_name\" content=\"Graaaf\" \/>\n<meta property=\"article:publisher\" content=\"https:\/\/www.facebook.com\/graaafcom\" \/>\n<meta property=\"article:modified_time\" content=\"2026-03-16T15:30:41+00:00\" \/>\n<meta property=\"og:image\" content=\"https:\/\/www.graaaf.com\/wordpress\/wp-content\/uploads\/2018\/06\/thumbnails_2018_2.jpg-cafevert.jpg\" \/>\n\t<meta property=\"og:image:width\" content=\"1280\" \/>\n\t<meta property=\"og:image:height\" content=\"1280\" \/>\n\t<meta property=\"og:image:type\" content=\"image\/jpeg\" \/>\n<meta name=\"twitter:card\" content=\"summary_large_image\" \/>\n<script type=\"application\/ld+json\" class=\"yoast-schema-graph\">{\"@context\":\"https:\\\/\\\/schema.org\",\"@graph\":[{\"@type\":\"WebPage\",\"@id\":\"https:\\\/\\\/www.graaaf.com\\\/fr\\\/projects\\\/video-podcast-for-sustainability\\\/\",\"url\":\"https:\\\/\\\/www.graaaf.com\\\/fr\\\/projects\\\/video-podcast-for-sustainability\\\/\",\"name\":\"Podcast vid\u00e9o sur le th\u00e8me du d\u00e9veloppement durable - Graaaf\",\"isPartOf\":{\"@id\":\"https:\\\/\\\/www.graaaf.com\\\/fr\\\/#website\"},\"primaryImageOfPage\":{\"@id\":\"https:\\\/\\\/www.graaaf.com\\\/fr\\\/projects\\\/video-podcast-for-sustainability\\\/#primaryimage\"},\"image\":{\"@id\":\"https:\\\/\\\/www.graaaf.com\\\/fr\\\/projects\\\/video-podcast-for-sustainability\\\/#primaryimage\"},\"thumbnailUrl\":\"https:\\\/\\\/www.graaaf.com\\\/wordpress\\\/wp-content\\\/uploads\\\/2018\\\/06\\\/thumbnails_2018_2.jpg-cafevert.jpg\",\"datePublished\":\"2024-08-06T16:43:05+00:00\",\"dateModified\":\"2026-03-16T15:30:41+00:00\",\"description\":\"Caf\u00e9 Vert TV est un podcast hebdomadaire sur des sujets li\u00e9s au d\u00e9veloppement durable. La web-tv \u00e9tait bas\u00e9e \u00e0 Lausanne et publiait des vid\u00e9os chaque semaine.\",\"breadcrumb\":{\"@id\":\"https:\\\/\\\/www.graaaf.com\\\/fr\\\/projects\\\/video-podcast-for-sustainability\\\/#breadcrumb\"},\"inLanguage\":\"fr-CH\",\"potentialAction\":[{\"@type\":\"ReadAction\",\"target\":[\"https:\\\/\\\/www.graaaf.com\\\/fr\\\/projects\\\/video-podcast-for-sustainability\\\/\"]}]},{\"@type\":\"ImageObject\",\"inLanguage\":\"fr-CH\",\"@id\":\"https:\\\/\\\/www.graaaf.com\\\/fr\\\/projects\\\/video-podcast-for-sustainability\\\/#primaryimage\",\"url\":\"https:\\\/\\\/www.graaaf.com\\\/wordpress\\\/wp-content\\\/uploads\\\/2018\\\/06\\\/thumbnails_2018_2.jpg-cafevert.jpg\",\"contentUrl\":\"https:\\\/\\\/www.graaaf.com\\\/wordpress\\\/wp-content\\\/uploads\\\/2018\\\/06\\\/thumbnails_2018_2.jpg-cafevert.jpg\",\"width\":1280,\"height\":1280},{\"@type\":\"BreadcrumbList\",\"@id\":\"https:\\\/\\\/www.graaaf.com\\\/fr\\\/projects\\\/video-podcast-for-sustainability\\\/#breadcrumb\",\"itemListElement\":[{\"@type\":\"ListItem\",\"position\":1,\"name\":\"Home\",\"item\":\"https:\\\/\\\/www.graaaf.com\\\/fr\\\/homepage-v4\\\/\"},{\"@type\":\"ListItem\",\"position\":2,\"name\":\"Podcast vid\u00e9o sur le th\u00e8me du d\u00e9veloppement durable\"}]},{\"@type\":\"WebSite\",\"@id\":\"https:\\\/\\\/www.graaaf.com\\\/fr\\\/#website\",\"url\":\"https:\\\/\\\/www.graaaf.com\\\/fr\\\/\",\"name\":\"GRAAAF\",\"description\":\"A digital marketing and communication agency\",\"publisher\":{\"@id\":\"https:\\\/\\\/www.graaaf.com\\\/fr\\\/#organization\"},\"potentialAction\":[{\"@type\":\"SearchAction\",\"target\":{\"@type\":\"EntryPoint\",\"urlTemplate\":\"https:\\\/\\\/www.graaaf.com\\\/fr\\\/?s={search_term_string}\"},\"query-input\":{\"@type\":\"PropertyValueSpecification\",\"valueRequired\":true,\"valueName\":\"search_term_string\"}}],\"inLanguage\":\"fr-CH\"},{\"@type\":\"Organization\",\"@id\":\"https:\\\/\\\/www.graaaf.com\\\/fr\\\/#organization\",\"name\":\"GRAAAF\",\"url\":\"https:\\\/\\\/www.graaaf.com\\\/fr\\\/\",\"logo\":{\"@type\":\"ImageObject\",\"inLanguage\":\"fr-CH\",\"@id\":\"https:\\\/\\\/www.graaaf.com\\\/fr\\\/#\\\/schema\\\/logo\\\/image\\\/\",\"url\":\"https:\\\/\\\/www.graaaf.com\\\/wordpress\\\/wp-content\\\/uploads\\\/2018\\\/05\\\/logo-website-graaaf-2018-positif.png\",\"contentUrl\":\"https:\\\/\\\/www.graaaf.com\\\/wordpress\\\/wp-content\\\/uploads\\\/2018\\\/05\\\/logo-website-graaaf-2018-positif.png\",\"width\":341,\"height\":66,\"caption\":\"GRAAAF\"},\"image\":{\"@id\":\"https:\\\/\\\/www.graaaf.com\\\/fr\\\/#\\\/schema\\\/logo\\\/image\\\/\"},\"sameAs\":[\"https:\\\/\\\/www.facebook.com\\\/graaafcom\",\"https:\\\/\\\/www.linkedin.com\\\/company\\\/graaaf\\\/\"]}]}<\/script>\n<!-- \/ Yoast SEO plugin. -->","yoast_head_json":{"title":"Podcast vid\u00e9o sur le th\u00e8me du d\u00e9veloppement durable - Graaaf","description":"Caf\u00e9 Vert TV est un podcast hebdomadaire sur des sujets li\u00e9s au d\u00e9veloppement durable. La web-tv \u00e9tait bas\u00e9e \u00e0 Lausanne et publiait des vid\u00e9os chaque semaine.","robots":{"index":"index","follow":"follow","max-snippet":"max-snippet:-1","max-image-preview":"max-image-preview:large","max-video-preview":"max-video-preview:-1"},"canonical":"https:\/\/www.graaaf.com\/fr\/projects\/video-podcast-for-sustainability\/","og_locale":"fr_FR","og_type":"article","og_title":"Podcast vid\u00e9o sur le th\u00e8me du d\u00e9veloppement durable - Graaaf","og_description":"Caf\u00e9 Vert TV est un podcast hebdomadaire sur des sujets li\u00e9s au d\u00e9veloppement durable. La web-tv \u00e9tait bas\u00e9e \u00e0 Lausanne et publiait des vid\u00e9os chaque semaine.","og_url":"https:\/\/www.graaaf.com\/fr\/projects\/video-podcast-for-sustainability\/","og_site_name":"Graaaf","article_publisher":"https:\/\/www.facebook.com\/graaafcom","article_modified_time":"2026-03-16T15:30:41+00:00","og_image":[{"width":1280,"height":1280,"url":"https:\/\/www.graaaf.com\/wordpress\/wp-content\/uploads\/2018\/06\/thumbnails_2018_2.jpg-cafevert.jpg","type":"image\/jpeg"}],"twitter_card":"summary_large_image","schema":{"@context":"https:\/\/schema.org","@graph":[{"@type":"WebPage","@id":"https:\/\/www.graaaf.com\/fr\/projects\/video-podcast-for-sustainability\/","url":"https:\/\/www.graaaf.com\/fr\/projects\/video-podcast-for-sustainability\/","name":"Podcast vid\u00e9o sur le th\u00e8me du d\u00e9veloppement durable - Graaaf","isPartOf":{"@id":"https:\/\/www.graaaf.com\/fr\/#website"},"primaryImageOfPage":{"@id":"https:\/\/www.graaaf.com\/fr\/projects\/video-podcast-for-sustainability\/#primaryimage"},"image":{"@id":"https:\/\/www.graaaf.com\/fr\/projects\/video-podcast-for-sustainability\/#primaryimage"},"thumbnailUrl":"https:\/\/www.graaaf.com\/wordpress\/wp-content\/uploads\/2018\/06\/thumbnails_2018_2.jpg-cafevert.jpg","datePublished":"2024-08-06T16:43:05+00:00","dateModified":"2026-03-16T15:30:41+00:00","description":"Caf\u00e9 Vert TV est un podcast hebdomadaire sur des sujets li\u00e9s au d\u00e9veloppement durable. La web-tv \u00e9tait bas\u00e9e \u00e0 Lausanne et publiait des vid\u00e9os chaque semaine.","breadcrumb":{"@id":"https:\/\/www.graaaf.com\/fr\/projects\/video-podcast-for-sustainability\/#breadcrumb"},"inLanguage":"fr-CH","potentialAction":[{"@type":"ReadAction","target":["https:\/\/www.graaaf.com\/fr\/projects\/video-podcast-for-sustainability\/"]}]},{"@type":"ImageObject","inLanguage":"fr-CH","@id":"https:\/\/www.graaaf.com\/fr\/projects\/video-podcast-for-sustainability\/#primaryimage","url":"https:\/\/www.graaaf.com\/wordpress\/wp-content\/uploads\/2018\/06\/thumbnails_2018_2.jpg-cafevert.jpg","contentUrl":"https:\/\/www.graaaf.com\/wordpress\/wp-content\/uploads\/2018\/06\/thumbnails_2018_2.jpg-cafevert.jpg","width":1280,"height":1280},{"@type":"BreadcrumbList","@id":"https:\/\/www.graaaf.com\/fr\/projects\/video-podcast-for-sustainability\/#breadcrumb","itemListElement":[{"@type":"ListItem","position":1,"name":"Home","item":"https:\/\/www.graaaf.com\/fr\/homepage-v4\/"},{"@type":"ListItem","position":2,"name":"Podcast vid\u00e9o sur le th\u00e8me du d\u00e9veloppement durable"}]},{"@type":"WebSite","@id":"https:\/\/www.graaaf.com\/fr\/#website","url":"https:\/\/www.graaaf.com\/fr\/","name":"GRAAAF","description":"A digital marketing and communication agency","publisher":{"@id":"https:\/\/www.graaaf.com\/fr\/#organization"},"potentialAction":[{"@type":"SearchAction","target":{"@type":"EntryPoint","urlTemplate":"https:\/\/www.graaaf.com\/fr\/?s={search_term_string}"},"query-input":{"@type":"PropertyValueSpecification","valueRequired":true,"valueName":"search_term_string"}}],"inLanguage":"fr-CH"},{"@type":"Organization","@id":"https:\/\/www.graaaf.com\/fr\/#organization","name":"GRAAAF","url":"https:\/\/www.graaaf.com\/fr\/","logo":{"@type":"ImageObject","inLanguage":"fr-CH","@id":"https:\/\/www.graaaf.com\/fr\/#\/schema\/logo\/image\/","url":"https:\/\/www.graaaf.com\/wordpress\/wp-content\/uploads\/2018\/05\/logo-website-graaaf-2018-positif.png","contentUrl":"https:\/\/www.graaaf.com\/wordpress\/wp-content\/uploads\/2018\/05\/logo-website-graaaf-2018-positif.png","width":341,"height":66,"caption":"GRAAAF"},"image":{"@id":"https:\/\/www.graaaf.com\/fr\/#\/schema\/logo\/image\/"},"sameAs":["https:\/\/www.facebook.com\/graaafcom","https:\/\/www.linkedin.com\/company\/graaaf\/"]}]}},"_links":{"self":[{"href":"https:\/\/www.graaaf.com\/fr\/wp-json\/wp\/v2\/portfolio\/11074","targetHints":{"allow":["GET"]}}],"collection":[{"href":"https:\/\/www.graaaf.com\/fr\/wp-json\/wp\/v2\/portfolio"}],"about":[{"href":"https:\/\/www.graaaf.com\/fr\/wp-json\/wp\/v2\/types\/portfolio"}],"replies":[{"embeddable":true,"href":"https:\/\/www.graaaf.com\/fr\/wp-json\/wp\/v2\/comments?post=11074"}],"version-history":[{"count":0,"href":"https:\/\/www.graaaf.com\/fr\/wp-json\/wp\/v2\/portfolio\/11074\/revisions"}],"wp:featuredmedia":[{"embeddable":true,"href":"https:\/\/www.graaaf.com\/fr\/wp-json\/wp\/v2\/media\/11075"}],"wp:attachment":[{"href":"https:\/\/www.graaaf.com\/fr\/wp-json\/wp\/v2\/media?parent=11074"}],"wp:term":[{"taxonomy":"post_tag","embeddable":true,"href":"https:\/\/www.graaaf.com\/fr\/wp-json\/wp\/v2\/tags?post=11074"}],"curies":[{"name":"wp","href":"https:\/\/api.w.org\/{rel}","templated":true}]}}